{"id":19,"date":"2023-01-06T16:37:44","date_gmt":"2023-01-06T15:37:44","guid":{"rendered":"http:\/\/vejezactiva.cl\/?page_id=110634"},"modified":"2025-03-18T20:00:57","modified_gmt":"2025-03-18T19:00:57","slug":"bibliotecactiva","status":"publish","type":"page","link":"https:\/\/vejezactiva.cl\/index.php\/bibliotecactiva\/","title":{"rendered":"Bibliotecactiva"},"content":{"rendered":"<p>[et_pb_section fb_built=\u00bb1&#8243; _builder_version=\u00bb4.19.4&#8243; _module_preset=\u00bbdefault\u00bb background_color=\u00bbrgba(0,0,0,0.62)\u00bb background_image=\u00bbhttp:\/\/vejezactiva.cl\/wp-content\/uploads\/2022\/12\/slider-01.jpg\u00bb background_blend=\u00bbmultiply\u00bb custom_padding=\u00bb200px||200px||true|false\u00bb global_colors_info=\u00bb{}\u00bb][et_pb_row _builder_version=\u00bb4.19.4&#8243; _module_preset=\u00bbdefault\u00bb global_colors_info=\u00bb{}\u00bb][et_pb_column type=\u00bb4_4&#8243; _builder_version=\u00bb4.19.4&#8243; _module_preset=\u00bbdefault\u00bb global_colors_info=\u00bb{}\u00bb][et_pb_text _builder_version=\u00bb4.19.4&#8243; _module_preset=\u00bbdefault\u00bb text_font=\u00bbPoppins|700|||||||\u00bb text_text_color=\u00bb#f7b500&#8243; text_font_size=\u00bb55px\u00bb text_orientation=\u00bbright\u00bb text_font_size_tablet=\u00bb55px\u00bb text_font_size_phone=\u00bb36px\u00bb text_font_size_last_edited=\u00bbon|phone\u00bb global_colors_info=\u00bb{}\u00bb]<\/p>\n<p>Bibliotecactiva<\/p>\n<p>[\/et_pb_text][\/et_pb_column][\/et_pb_row][\/et_pb_section][et_pb_section fb_built=\u00bb1&#8243; _builder_version=\u00bb4.19.4&#8243; _module_preset=\u00bbdefault\u00bb global_colors_info=\u00bb{}\u00bb][et_pb_row column_structure=\u00bb1_3,1_3,1_3&#8243; _builder_version=\u00bb4.19.4&#8243; _module_preset=\u00bbdefault\u00bb custom_padding=\u00bb||4px|||\u00bb global_colors_info=\u00bb{}\u00bb][et_pb_column type=\u00bb1_3&#8243; _builder_version=\u00bb4.19.4&#8243; _module_preset=\u00bbdefault\u00bb global_colors_info=\u00bb{}\u00bb][et_pb_text _builder_version=\u00bb4.19.4&#8243; _module_preset=\u00bbdefault\u00bb text_font=\u00bbPoppins||||||||\u00bb text_text_color=\u00bb#000000&#8243; text_line_height=\u00bb1.8em\u00bb global_colors_info=\u00bb{}\u00bb]<\/p>\n<p><strong>Marco Internacional<\/strong><\/p>\n<ul>\n<li>Envejecimiento en am\u00e9rica latina y el caribe: inclusi\u00f3n y derechos de las personas mayores,2022<br \/>Informe mensual sobre el edadismo,2021<\/li>\n<li>Anuario estad\u00edstico de am\u00e9rica latina y el caribe, 2021<\/li>\n<li>El futuro de nuestras ciudades mejores pr\u00e1cticas del desarrollo urbano sostenible en am\u00e9rica latina y el caribe,2019<\/li>\n<li>D\u00e9cada del envejecimiento saludable 2020-2030, 2019<\/li>\n<li>Informe mundial sobre el envejecimiento y salud, 2015<\/li>\n<li>Convenci\u00f3n interamericana sobre la protecci\u00f3n de los derechos humanos de las personas mayores,2015<\/li>\n<li>Manual para la implantaci\u00f3n del proyecto \u201cciudades amigables con las personas mayores\u201d en tu comunidad, 2014<\/li>\n<li>Ciudades globales amigables con los mayores: una gu\u00eda,2007<\/li>\n<\/ul>\n<p>[\/et_pb_text][et_pb_button button_url=\u00bbhttp:\/\/vejezactiva.cl\/marco-internacional.zip\u00bb url_new_window=\u00bbon\u00bb button_text=\u00bbDescargar PDF\u00b4s\u00bb _builder_version=\u00bb4.19.4&#8243; _module_preset=\u00bbdefault\u00bb custom_button=\u00bbon\u00bb button_text_color=\u00bb#FFFFFF\u00bb button_bg_color=\u00bb#8300E9&#8243; button_border_width=\u00bb0px\u00bb button_border_color=\u00bb#FFFFFF\u00bb button_border_radius=\u00bb1px\u00bb button_font=\u00bbPoppins||||||||\u00bb button_icon=\u00bb&#xf1c1;||fa||400&#8243; button_on_hover=\u00bboff\u00bb global_colors_info=\u00bb{}\u00bb][\/et_pb_button][\/et_pb_column][et_pb_column type=\u00bb1_3&#8243; _builder_version=\u00bb4.19.4&#8243; _module_preset=\u00bbdefault\u00bb global_colors_info=\u00bb{}\u00bb][et_pb_text _builder_version=\u00bb4.19.4&#8243; _module_preset=\u00bbdefault\u00bb text_font=\u00bbPoppins||||||||\u00bb text_text_color=\u00bb#000000&#8243; text_line_height=\u00bb1.8em\u00bb global_colors_info=\u00bb{}\u00bb]<\/p>\n<p><strong>Marco Nacional<\/strong><\/p>\n<ul>\n<li>Sexta encuesta nacional sobre la inclusi\u00f3n y exclusi\u00f3n social de las personas mayores: c\u00f3mo observa la poblaci\u00f3n el envejecimiento en chile, 2021<\/li>\n<li>Personas mayores en las comunas de chile, 2019<\/li>\n<li>Estrategia de salud mental para personas mayores,2019<\/li>\n<li>Demencias: una mirada biopsicosocial,2019<\/li>\n<li>G\u00e9nero y pol\u00edticas p\u00fablicas: una mirada necesaria de la vejez,2019<br \/>Estatutos de derechos y garant\u00edas de los adultos mayores en el derecho<br \/>internacional y comparado, 2019<\/li>\n<li>Estado de situaci\u00f3n: \u00bfqu\u00e9 han hecho los municipios en materia de<br \/>adulto mayor?,2018<\/li>\n<li>Trabajo y personas mayores en Chile: lineamientos para una pol\u00edtica de inclusi\u00f3n laboral. estudio nacional en personas entre 55 y 74 a\u00f1os,2018<\/li>\n<li>Plan nacional de salud mental 2017-2025,2017<\/li>\n<li>Decreto 162 promulga la convenci\u00f3n interamericana sobre la protecci\u00f3n de los Derechos humanos de las personas mayores,2017<\/li>\n<\/ul>\n<p>[\/et_pb_text][et_pb_button button_url=\u00bbhttp:\/\/vejezactiva.cl\/marco-nacional.zip\u00bb url_new_window=\u00bbon\u00bb button_text=\u00bbDescargar PDF\u00b4s\u00bb _builder_version=\u00bb4.19.4&#8243; _module_preset=\u00bbdefault\u00bb custom_button=\u00bbon\u00bb button_text_color=\u00bb#FFFFFF\u00bb button_bg_color=\u00bb#8300E9&#8243; button_border_width=\u00bb0px\u00bb button_border_color=\u00bb#FFFFFF\u00bb button_border_radius=\u00bb1px\u00bb button_font=\u00bbPoppins||||||||\u00bb button_icon=\u00bb&#xf1c1;||fa||400&#8243; button_on_hover=\u00bboff\u00bb transform_scale_tablet=\u00bb\u00bb transform_scale_phone=\u00bb\u00bb transform_scale_last_edited=\u00bbon|phone\u00bb transform_translate_tablet=\u00bb0px|51px\u00bb transform_translate_phone=\u00bb0px|-29px\u00bb transform_translate_last_edited=\u00bbon|phone\u00bb transform_translate_linked=\u00bboff\u00bb transform_rotate_tablet=\u00bb\u00bb transform_rotate_phone=\u00bb\u00bb transform_rotate_last_edited=\u00bbon|phone\u00bb transform_skew_tablet=\u00bb\u00bb transform_skew_phone=\u00bb\u00bb transform_skew_last_edited=\u00bbon|phone\u00bb transform_origin_tablet=\u00bb\u00bb transform_origin_phone=\u00bb\u00bb transform_origin_last_edited=\u00bbon|phone\u00bb transform_styles_last_edited=\u00bbon|phone\u00bb custom_margin=\u00bb||||false|false\u00bb transform_styles_tablet=\u00bb\u00bb transform_styles_phone=\u00bb\u00bb global_colors_info=\u00bb{}\u00bb][\/et_pb_button][\/et_pb_column][et_pb_column type=\u00bb1_3&#8243; _builder_version=\u00bb4.19.4&#8243; _module_preset=\u00bbdefault\u00bb global_colors_info=\u00bb{}\u00bb][et_pb_text _builder_version=\u00bb4.19.4&#8243; _module_preset=\u00bbdefault\u00bb text_font=\u00bbPoppins||||||||\u00bb text_text_color=\u00bb#000000&#8243; text_line_height=\u00bb1.8em\u00bb global_colors_info=\u00bb{}\u00bb]<\/p>\n<p><strong>Realizaci\u00f3n propia y colaborativa<\/strong><\/p>\n<ul>\n<li>\n<p><span style=\"font-weight: 400;\">Gu\u00eda para el buen uso del lenguaje, 2022<\/span><\/p>\n<p><span style=\"font-weight: 400;\"><\/span><\/p>\n<\/li>\n<li>\n<p><span style=\"font-weight: 400;\">Gu\u00eda b\u00e1sica para la incidencia pol\u00edtica en organizaciones de personas mayores,2022<\/span><\/p>\n<p><span style=\"font-weight: 400;\"><\/span><\/p>\n<\/li>\n<li>\n<p><span style=\"font-weight: 400;\">Informe 1: consulta voces mayores, 2022<\/span><\/p>\n<\/li>\n<\/ul>\n<p>[\/et_pb_text][et_pb_button button_url=\u00bbhttp:\/\/vejezactiva.cl\/propia-colaborativa.zip\u00bb url_new_window=\u00bbon\u00bb button_text=\u00bbDescargar PDF\u00b4s\u00bb _builder_version=\u00bb4.19.4&#8243; _module_preset=\u00bbdefault\u00bb custom_button=\u00bbon\u00bb button_text_color=\u00bb#FFFFFF\u00bb button_bg_color=\u00bb#8300E9&#8243; button_border_width=\u00bb0px\u00bb button_border_color=\u00bb#FFFFFF\u00bb button_border_radius=\u00bb1px\u00bb button_font=\u00bbPoppins||||||||\u00bb button_icon=\u00bb&#xf1c1;||fa||400&#8243; button_on_hover=\u00bboff\u00bb transform_scale_tablet=\u00bb\u00bb transform_scale_phone=\u00bb\u00bb transform_scale_last_edited=\u00bbon|phone\u00bb transform_translate_tablet=\u00bb0px|99px\u00bb transform_translate_phone=\u00bb0px|-19px\u00bb transform_translate_last_edited=\u00bbon|phone\u00bb transform_translate_linked=\u00bboff\u00bb transform_rotate_tablet=\u00bb\u00bb transform_rotate_phone=\u00bb\u00bb transform_rotate_last_edited=\u00bbon|phone\u00bb transform_skew_tablet=\u00bb\u00bb transform_skew_phone=\u00bb\u00bb transform_skew_last_edited=\u00bbon|phone\u00bb transform_origin_tablet=\u00bb\u00bb transform_origin_phone=\u00bb\u00bb transform_origin_last_edited=\u00bbon|phone\u00bb transform_styles_last_edited=\u00bbon|phone\u00bb transform_styles_tablet=\u00bb\u00bb transform_styles_phone=\u00bb\u00bb global_colors_info=\u00bb{}\u00bb][\/et_pb_button][\/et_pb_column][\/et_pb_row][\/et_pb_section][et_pb_section fb_built=\u00bb1&#8243; module_id=\u00bbdona-activa\u00bb _builder_version=\u00bb4.19.4&#8243; _module_preset=\u00bbdefault\u00bb background_color=\u00bb#f4f4f4&#8243; custom_padding=\u00bb55px||135px|||\u00bb bottom_divider_height=\u00bb64px\u00bb global_colors_info=\u00bb{}\u00bb][et_pb_row _builder_version=\u00bb4.19.4&#8243; _module_preset=\u00bbdefault\u00bb global_colors_info=\u00bb{}\u00bb][et_pb_column type=\u00bb4_4&#8243; _builder_version=\u00bb4.19.4&#8243; _module_preset=\u00bbdefault\u00bb global_colors_info=\u00bb{}\u00bb][et_pb_text _builder_version=\u00bb4.19.4&#8243; _module_preset=\u00bbdefault\u00bb text_font=\u00bbPoppins|900|||||||\u00bb text_text_color=\u00bb#000000&#8243; text_font_size=\u00bb73px\u00bb text_font_size_tablet=\u00bb73px\u00bb text_font_size_phone=\u00bb39px\u00bb text_font_size_last_edited=\u00bbon|phone\u00bb global_colors_info=\u00bb{}\u00bb]Blog Activa[\/et_pb_text][\/et_pb_column][\/et_pb_row][et_pb_row _builder_version=\u00bb4.19.4&#8243; _module_preset=\u00bbdefault\u00bb global_colors_info=\u00bb{}\u00bb][et_pb_column type=\u00bb4_4&#8243; _builder_version=\u00bb4.19.4&#8243; _module_preset=\u00bbdefault\u00bb global_colors_info=\u00bb{}\u00bb][et_pb_blog fullwidth=\u00bboff\u00bb posts_number=\u00bb3&#8243; include_categories=\u00bb12&#8243; excerpt_length=\u00bb200&#8243; show_more=\u00bbon\u00bb show_author=\u00bboff\u00bb show_date=\u00bboff\u00bb show_categories=\u00bboff\u00bb use_overlay=\u00bbon\u00bb overlay_icon_color=\u00bb#FFFFFF\u00bb hover_overlay_color=\u00bbrgba(131,0,233,0.71)\u00bb _builder_version=\u00bb4.19.4&#8243; _module_preset=\u00bbdefault\u00bb header_font=\u00bbPoppins||||||||\u00bb header_text_color=\u00bb#8300E9&#8243; body_font=\u00bbPoppins||||||||\u00bb body_text_color=\u00bb#000000&#8243; body_font_size=\u00bb12px\u00bb body_line_height=\u00bb1.6em\u00bb read_more_font=\u00bbPoppins|800||on|||||\u00bb read_more_text_color=\u00bb#8300E9&#8243; border_width_all=\u00bb0px\u00bb border_radii_image=\u00bboff|10px|10px||\u00bb border_width_bottom_image=\u00bb4px\u00bb border_color_bottom_image=\u00bb#8300E9&#8243; box_shadow_style_image=\u00bbpreset3&#8243; global_colors_info=\u00bb{}\u00bb][\/et_pb_blog][\/et_pb_column][\/et_pb_row][\/et_pb_section]<\/p>\n","protected":false},"excerpt":{"rendered":"<p>BibliotecactivaMarco Internacional Envejecimiento en am\u00e9rica latina y el caribe: inclusi\u00f3n y derechos de las personas mayores,2022Informe mensual sobre el edadismo,2021 Anuario estad\u00edstico de am\u00e9rica latina y el caribe, 2021 El futuro de nuestras ciudades mejores pr\u00e1cticas del desarrollo urbano sostenible en am\u00e9rica latina y el caribe,2019 D\u00e9cada del envejecimiento saludable 2020-2030, 2019 Informe mundial sobre [&hellip;]<\/p>\n","protected":false},"author":1,"featured_media":0,"parent":0,"menu_order":0,"comment_status":"closed","ping_status":"closed","template":"","meta":{"_et_pb_use_builder":"on","_et_pb_old_content":"<!-- wp:divi\/placeholder \/-->","_et_gb_content_width":"","inline_featured_image":false,"footnotes":""},"class_list":["post-19","page","type-page","status-publish","hentry"],"_links":{"self":[{"href":"https:\/\/vejezactiva.cl\/index.php\/wp-json\/wp\/v2\/pages\/19","targetHints":{"allow":["GET"]}}],"collection":[{"href":"https:\/\/vejezactiva.cl\/index.php\/wp-json\/wp\/v2\/pages"}],"about":[{"href":"https:\/\/vejezactiva.cl\/index.php\/wp-json\/wp\/v2\/types\/page"}],"author":[{"embeddable":true,"href":"https:\/\/vejezactiva.cl\/index.php\/wp-json\/wp\/v2\/users\/1"}],"replies":[{"embeddable":true,"href":"https:\/\/vejezactiva.cl\/index.php\/wp-json\/wp\/v2\/comments?post=19"}],"version-history":[{"count":2,"href":"https:\/\/vejezactiva.cl\/index.php\/wp-json\/wp\/v2\/pages\/19\/revisions"}],"predecessor-version":[{"id":303,"href":"https:\/\/vejezactiva.cl\/index.php\/wp-json\/wp\/v2\/pages\/19\/revisions\/303"}],"wp:attachment":[{"href":"https:\/\/vejezactiva.cl\/index.php\/wp-json\/wp\/v2\/media?parent=19"}],"curies":[{"name":"wp","href":"https:\/\/api.w.org\/{rel}","templated":true}]}}